{"id":634,"date":"2021-06-25T16:27:18","date_gmt":"2021-06-25T14:27:18","guid":{"rendered":"https:\/\/www.stl-software.de\/cms\/?page_id=634"},"modified":"2024-05-03T16:03:30","modified_gmt":"2024-05-03T14:03:30","slug":"datenschutz","status":"publish","type":"page","link":"https:\/\/www.cimoio.de\/cms\/datenschutz\/","title":{"rendered":"Datenschutzerkl\u00e4rung f\u00fcr"},"content":{"rendered":"\n[et_pb_section fb_built=&#8220;1&#8243; _builder_version=&#8220;4.16&#8243; _module_preset=&#8220;default&#8220; background_color=&#8220;#009fe3&#8243; top_divider_style=&#8220;arrow3&#8243; top_divider_color=&#8220;#009fe3&#8243; global_colors_info=&#8220;{}&#8220;][et_pb_row _builder_version=&#8220;4.16&#8243; _module_preset=&#8220;default&#8220; custom_padding=&#8220;||27px|||&#8220; global_colors_info=&#8220;{}&#8220;][et_pb_column type=&#8220;4_4&#8243; _builder_version=&#8220;4.16&#8243; _module_preset=&#8220;default&#8220; global_colors_info=&#8220;{}&#8220;][et_pb_text _builder_version=&#8220;4.22.1&#8243; _module_preset=&#8220;_initial&#8220; global_colors_info=&#8220;{}&#8220;]<h1 style=\"text-align: center;\">Datenschutzinformation<\/h1>[\/et_pb_text][\/et_pb_column][\/et_pb_row][\/et_pb_section][et_pb_section fb_built=&#8220;1&#8243; _builder_version=&#8220;4.16&#8243; _module_preset=&#8220;default&#8220; global_colors_info=&#8220;{}&#8220;][et_pb_row _builder_version=&#8220;4.16&#8243; _module_preset=&#8220;default&#8220; global_colors_info=&#8220;{}&#8220;][et_pb_column type=&#8220;4_4&#8243; _builder_version=&#8220;4.16&#8243; _module_preset=&#8220;default&#8220; global_colors_info=&#8220;{}&#8220;][et_pb_text _builder_version=&#8220;4.16&#8243; _module_preset=&#8220;default&#8220; global_colors_info=&#8220;{}&#8220;]<h2>1. Einleitung<\/h2>\n<p>Mit den folgenden Informationen m\u00f6chten wir Ihnen als &#8222;betroffener Person&#8220; einen \u00dcberblick \u00fcber die Verarbeitung Ihrer personenbezogenen Daten durch uns und Ihre Rechte aus den Datenschutzgesetzen geben. Eine Nutzung unserer Internetseiten ist grunds\u00e4tzlich ohne Eingabe personenbezogener Daten m\u00f6glich. Sofern Sie besondere Services unseres Unternehmens \u00fcber unsere Internetseite in Anspruch nehmen m\u00f6chten, k\u00f6nnte jedoch eine Verarbeitung personen-bezogener Daten erforderlich werden. Ist die Verarbeitung personenbezogener Daten erforderlich und besteht f\u00fcr eine solche Verarbeitung keine gesetzliche Grundlage, holen wir generell eine Einwilligung von Ihnen ein.<\/p>\n<p>Die Verarbeitung von personenbezogenen Daten, beispielsweise Ihres Namens, der Anschrift oder E-Mail-Adresse, erfolgt stets im Einklang mit der Datenschutz-Grundverordnung (DS-GVO) und in \u00dcbereinstimmung mit den f\u00fcr die &#8222;STL GmbH&#8220; geltenden landesspezifischen Datenschutzbestimmungen. Mittels dieser Datenschutzerkl\u00e4rung m\u00f6chten wir Sie \u00fcber Umfang und Zweck der von uns erhobenen, genutzten und verarbeiteten personenbezogenen Daten informieren.<\/p>\n<p>Wir haben als f\u00fcr die Verarbeitung Verantwortliche zahlreiche technische und organisatorische Ma\u00dfnahmen umgesetzt, um einen m\u00f6glichst l\u00fcckenlosen Schutz der \u00fcber diese Internetseite verarbeiteten personenbezogenen Daten sicherzustellen. Dennoch k\u00f6nnen internetbasierte Daten\u00fcbertragungen grunds\u00e4tzlich Sicherheitsl\u00fccken aufweisen, sodass ein absoluter Schutz nicht gew\u00e4hrleistet werden kann. Aus diesem Grund steht es Ihnen frei, personenbezogene Daten auch auf alternativen Wegen, beispielsweise telefonisch oder per Post, an uns zu \u00fcbermitteln.<\/p>[\/et_pb_text][et_pb_text _builder_version=&#8220;4.16&#8243; _module_preset=&#8220;default&#8220; global_colors_info=&#8220;{}&#8220;]<h2>2. Verantwortlicher<\/h2>\n<p>Verantwortlicher im Sinne der DS-GVO ist die:<\/p>\n<p><strong>STL GmbH<br \/><\/strong>Deckerstr. 29<br \/>70372 Stuttgart, Deutschland<\/p>\n<p>Telefon: +49 (0) 711 89688 &#8211; 0<\/p>\n<p>E-Mail: <a href=\"mailto:info@stl-software.de\">info@stl-software.de<\/a><\/p>\n<p>Vertreter des Verantwortlichen: Karsten Staatz, Georg Th\u00fclly, Matthias Ludwig<\/p>[\/et_pb_text][et_pb_text _builder_version=&#8220;4.16&#8243; _module_preset=&#8220;default&#8220; global_colors_info=&#8220;{}&#8220;]<h2>3. Datenschutzbeauftragter<\/h2>\n<p>Den Datenschutzbeauftragten erreichen Sie wie folgt:<\/p>\n<p>Michael Weinmann<br \/>Telefon: +49 (0)173-7632962<\/p>\n<p>E-Mail: <a href=\"mailto:michael.weinmann@dsb-office.de\">michael.weinmann@dsb-office.de<\/a><\/p>\n<p>Sie k\u00f6nnen sich jederzeit bei allen Fragen und Anregungen zum Datenschutz direkt an unseren Datenschutzbeauftragten wenden.<\/p>[\/et_pb_text][et_pb_text _builder_version=&#8220;4.16&#8243; _module_preset=&#8220;default&#8220; global_colors_info=&#8220;{}&#8220;]<h2>4. Rechtsgrundlage der Verarbeitung<\/h2>\n<p>Art. 6 Abs. 1 lit. a DS-GVO (i.V.m. \u00a7 15 Abs. 3 TMG) dient unserem Unternehmen als Rechtsgrundlage f\u00fcr Verarbeitungsvorg\u00e4nge, bei denen wir eine Einwilligung f\u00fcr einen bestimmten Verarbeitungszweck einholen.<\/p>\n<p>Ist die Verarbeitung personenbezogener Daten zur Erf\u00fcllung eines Vertrags, dessen Vertragspartei Sie sind, erforderlich, wie dies beispielsweise bei Verarbeitungs-vorg\u00e4ngen der Fall ist, die f\u00fcr eine Lieferung von Waren oder die Erbringung einer sonstigen Leistung oder Gegenleistung notwendig sind, so beruht die Verarbeitung auf Art. 6 Abs. 1 lit. b DS-GVO. Gleiches gilt f\u00fcr solche Verarbeitungsvorg\u00e4nge die zur Durchf\u00fchrung vorvertraglicher Ma\u00dfnahmen erforderlich sind, etwa in F\u00e4llen von Anfragen zu unseren Produkten oder Leistungen.<\/p>\n<p>Unterliegt unser Unternehmen einer rechtlichen Verpflichtung durch welche eine Verarbeitung von personenbezogenen Daten erforderlich wird, wie beispielsweise zur Erf\u00fcllung steuerlicher Pflichten, so basiert die Verarbeitung auf Art. 6 Abs. 1 lit. c DS-GVO.<\/p>\n<p>In seltenen F\u00e4llen k\u00f6nnte die Verarbeitung von personenbezogenen Daten erforderlich werden, um lebenswichtige Interessen der betroffenen Person oder einer anderen nat\u00fcrlichen Person zu sch\u00fctzen. Dies w\u00e4re beispielsweise der Fall, wenn ein Besucher in unserem Betrieb verletzt werden w\u00fcrde und daraufhin sein Name, sein Alter, seine Krankenkassendaten oder sonstige lebenswichtige Informationen an einen Arzt, ein Krankenhaus oder sonstige Dritte weitergegeben werden m\u00fcssten. Dann w\u00fcrde die Verarbeitung auf Art. 6 Abs. 1 lit. d DS-GVO beruhen.<\/p>\n<p>Letztlich k\u00f6nnten Verarbeitungsvorg\u00e4nge auf Art. 6 Abs. 1 lit. f DS-GVO beruhen. Auf dieser Rechtsgrundlage basieren Verarbeitungsvorg\u00e4nge, die von keiner der vorgenannten Rechtsgrundlagen erfasst werden, wenn die Verarbeitung zur Wahrung eines berechtigten Interesses unseres Unternehmens oder eines Dritten erforderlich ist, sofern die Interessen, Grundrechte und Grundfreiheiten des Betroffenen nicht \u00fcberwiegen. Solche Verarbeitungsvorg\u00e4nge sind uns insbesondere deshalb gestattet, weil sie durch den Europ\u00e4ischen Gesetzgeber besonders erw\u00e4hnt wurden. Er vertrat insoweit die Auffassung, dass ein berechtigtes Interesse anzunehmen sein k\u00f6nnte, wenn Sie ein Kunde unseres Unternehmens sind (Erw\u00e4gungsgrund 47 Satz 2 DS-GVO).<\/p>[\/et_pb_text][et_pb_text _builder_version=&#8220;4.16&#8243; _module_preset=&#8220;default&#8220; global_colors_info=&#8220;{}&#8220;]<h2>5. Technik<\/h2>[\/et_pb_text][et_pb_text _builder_version=&#8220;4.16&#8243; _module_preset=&#8220;default&#8220; global_colors_info=&#8220;{}&#8220;]<h3>5.1. SSL\/TLS-Verschl\u00fcsselung<\/h3>\n<p>Diese Seite nutzt zur <strong>Gew\u00e4hrleistung<\/strong> der Sicherheit der Datenverarbeitung und zum Schutz der \u00dcbertragung vertraulicher Inhalte, wie zum Beispiel Bestellungen, Login-Daten oder Kontaktanfragen, die Sie an uns als Betreiber senden, eine SSL-bzw. TLS-Verschl\u00fcsselung. Eine verschl\u00fcsselte Verbindung erkennen Sie daran, dass in der Adresszeile des Browsers statt einem &#8222;http:\/\/&#8220; ein &#8222;https:\/\/&#8220; steht und an dem Schloss-Symbol in Ihrer Browserzeile.<\/p>\n<p>Wir setzen diese Technologie ein, um Ihre \u00fcbermittelten Daten zu sch\u00fctzen.<\/p>[\/et_pb_text][et_pb_text _builder_version=&#8220;4.16&#8243; _module_preset=&#8220;default&#8220; global_colors_info=&#8220;{}&#8220;]<h3>5.2. Datenerfassung beim Besuch der Internetseite<\/h3>\n<p>Bei der lediglich informatorischen Nutzung unserer Website, also wenn Sie sich nicht registrieren oder uns anderweitig Informationen \u00fcbermitteln, erheben wir nur solche Daten, die Ihr Browser an unseren Server \u00fcbermittelt (in sog. &#8222;Server-Logfiles&#8220;). Unsere Internetseite erfasst mit jedem Aufruf einer Seite durch Sie oder ein automatisiertes System eine Reihe von allgemeinen Daten und Informationen. Diese allgemeinen Daten und Informationen werden in den Logfiles des Servers gespeichert. Erfasst werden k\u00f6nnen die<\/p>\n<ol>\n<li>verwendeten Browsertypen und Versionen,<\/li>\n<li>das vom zugreifenden System verwendete Betriebssystem,<\/li>\n<li>die Internetseite, von welcher ein zugreifendes System auf unsere Internetseite gelangt (sogenannte Referrer),<\/li>\n<li>die Unterwebseiten, welche \u00fcber ein zugreifendes System auf unserer Internetseite angesteuert werden,<\/li>\n<li>das Datum und die Uhrzeit eines Zugriffs auf die Internetseite,<\/li>\n<li>eine gek\u00fcrzte Internet-Protokoll-Adresse (anonymisierte IP-Adresse),<\/li>\n<li>der Internet-Service-Provider des zugreifenden Systems.<\/li>\n<\/ol>\n<p>Bei der Nutzung dieser allgemeinen Daten und Informationen ziehen wir keine R\u00fcckschl\u00fcsse auf Ihre Person. Diese Informationen werden vielmehr ben\u00f6tigt, um<\/p>\n<ol>\n<li>die Inhalte unserer Internetseite korrekt auszuliefern,<\/li>\n<li>die Inhalte unserer Internetseite sowie die Werbung f\u00fcr diese zu optimieren,<\/li>\n<li>die dauerhafte Funktionsf\u00e4higkeit unserer IT-Systeme und der Technik unserer Internetseite zu gew\u00e4hrleisten sowie<\/li>\n<li>um Strafverfolgungsbeh\u00f6rden im Falle eines Cyberangriffes die zur Strafverfolgung notwendigen Informationen bereitzustellen.<\/li>\n<\/ol>\n<p>Diese erhobenen Daten und Informationen werden durch uns daher einerseits statistisch und ferner mit dem Ziel ausgewertet, den Datenschutz und die Datensicherheit in unserem Unternehmen zu erh\u00f6hen, um letztlich ein optimales Schutzniveau f\u00fcr die von uns verarbeiteten personenbezogenen Daten sicherzustellen. Die anonymen Daten der Server-Logfiles werden getrennt von allen durch eine betroffene Person angegebenen personenbezogenen Daten gespeichert.<\/p>\n<p>Die Rechtsgrundlage f\u00fcr die Datenverarbeitung ist Art. 6 Abs. 1 S. 1 lit. f DS-GVO. Unser berechtigtes Interesse folgt aus oben aufgelisteten Zwecken zur Datenerhebung.<\/p>[\/et_pb_text][et_pb_text _builder_version=&#8220;4.16&#8243; _module_preset=&#8220;default&#8220; global_colors_info=&#8220;{}&#8220;]<h2>6. Cookies<\/h2>[\/et_pb_text][et_pb_text _builder_version=&#8220;4.16&#8243; _module_preset=&#8220;default&#8220; global_colors_info=&#8220;{}&#8220;]<h3>6.1. Allgemeines zu Cookies<\/h3>\n<p>Wir setzen auf unserer Internetseite Cookies ein. Hierbei handelt es sich um kleine Dateien, die Ihr Browser automatisch erstellt und die auf Ihrem IT-System (Laptop, Tablet, Smartphone o.\u00e4.) gespeichert werden, wenn Sie unsere Seite besuchen.<\/p>\n<p>In dem Cookie werden Informationen abgelegt, die sich jeweils im Zusammenhang mit dem spezifisch eingesetzten Endger\u00e4t ergeben. Dies bedeutet jedoch nicht, dass wir dadurch unmittelbar Kenntnis von Ihrer Identit\u00e4t erhalten.<\/p>\n<p>Wir setzen zur Optimierung der Benutzerfreundlichkeit tempor\u00e4re Cookies ein, die f\u00fcr einen bestimmten festgelegten Zeitraum auf Ihrem Endger\u00e4t gespeichert werden. Besuchen Sie unsere Seite erneut, um unsere Dienste in Anspruch zu nehmen, wird automatisch erkannt, dass Sie bereits bei uns waren und welche Eingaben und Einstellungen Sie get\u00e4tigt haben, um diese nicht noch einmal eingeben zu m\u00fcssen.<\/p>\n<p>Die Rechtsgrundlage f\u00fcr diese technisch erforderlichen Cookies ist Art. 6 Abs. 1 lit f DS-GVO. Unser Berechtigtes Interesse ist es f\u00fcr sie eine positive User-Experience zu schaffen.<\/p>[\/et_pb_text][et_pb_text _builder_version=&#8220;4.16&#8243; _module_preset=&#8220;default&#8220; global_colors_info=&#8220;{}&#8220;]<h3>6.2. Beschreibung der genutzten Cookies<\/h3>\n<h4><span>Kategorie: Pr\u00e4ferenzen <\/span><\/h4>\n<p><span>Pr\u00e4ferenz-Cookies erm\u00f6glichen einer Webseite sich an Informationen zu erinnern, die die Art beeinflussen, wie sich eine Webseite verh\u00e4lt oder aussieht, wie z. B. Ihre bevorzugte Sprache oder die Region in der Sie sich befinden.<\/span><\/p>\n<p><strong>COOKIE-NAME &#8211; ANBIETER &#8211; TYP &#8211; ABLAUF<br \/><\/strong><span>pll_language &#8211; <\/span><span>cimoio.de &#8211; HTTP &#8211; 1 Jahr<\/span><br \/><span>Cookie Zweck-Beschreibung: <\/span><span>Dieses Cookie wird benutzt, um die bevorzugte Sprache des Besuchers festzustellen und die Sprache dementsprechend auf der Website einzustellen, wenn m\u00f6glich.<\/span><br \/><span>Initiator: <\/span><span>Webserver<\/span><br \/><span>Quelle: <\/span><span>cimoio.de<\/span><\/p>[\/et_pb_text][et_pb_text _builder_version=&#8220;4.16&#8243; _module_preset=&#8220;default&#8220; global_colors_info=&#8220;{}&#8220;]<h2>7.\u00a0\u00a0 Inhalte unserer Internetseite<\/h2>[\/et_pb_text][et_pb_text _builder_version=&#8220;4.16&#8243; _module_preset=&#8220;default&#8220; global_colors_info=&#8220;{}&#8220;]<h3>7.1. Kontaktaufnahme \/ Kontaktformular<\/h3>\n<p>Im Rahmen der Kontaktaufnahme mit uns (z.B. per Kontaktformular oder E-Mail) werden personenbezogene Daten erhoben. Welche Daten im Falle eines Kontaktformulars erhoben werden, ist aus dem jeweiligen Kontaktformular ersichtlich. Diese Daten werden ausschlie\u00dflich zum Zweck der Beantwortung Ihres Anliegens bzw. f\u00fcr die Kontaktaufnahme und die damit verbundene technische Administration gespeichert und verwendet. Rechtsgrundlage f\u00fcr die Verarbeitung der Daten ist unser berechtigtes Interesse an der Beantwortung Ihres Anliegens gem\u00e4\u00df Art. 6 Abs. 1 lit. f DS-GVO. Zielt Ihre Kontaktierung auf den Abschluss eines Vertrages ab, so ist zus\u00e4tzliche Rechtsgrundlage f\u00fcr die Verarbeitung Art. 6 Abs. 1 lit. b DS-GVO. Ihre Daten werden nach abschlie\u00dfender Bearbeitung Ihrer Anfrage gel\u00f6scht, dies ist der Fall, wenn sich aus den Umst\u00e4nden entnehmen l\u00e4sst, dass der betroffene Sachverhalt abschlie\u00dfend gekl\u00e4rt ist und sofern keine gesetzlichen Aufbewahrungspflichten entgegenstehen.<\/p>[\/et_pb_text][et_pb_text _builder_version=&#8220;4.16&#8243; _module_preset=&#8220;default&#8220; global_colors_info=&#8220;{}&#8220;]<h3>7.2. Bewerbungsmanagement \/ Stellenb\u00f6rse<\/h3>\n<p>Wir erheben und verarbeiten die personenbezogenen Daten von Bewerbern zum Zwecke der Abwicklung des Bewerbungsverfahrens. Die Verarbeitung kann auch auf elektronischem Wege erfolgen. Dies ist insbesondere dann der Fall, wenn ein Bewerber entsprechende Bewerbungsunterlagen auf dem elektronischen Wege, beispielsweise per E-Mail oder \u00fcber ein auf der Website befindliches Webformular, an uns \u00fcbermittelt. Schlie\u00dfen wir einen Anstellungsvertrag mit einem Bewerber, werden die \u00fcbermittelten Daten zum Zwecke der Abwicklung des Besch\u00e4ftigungsverh\u00e4ltnisses unter Beachtung der gesetzlichen Vorschriften gespeichert. Wird von uns kein Anstellungsvertrag mit dem Bewerber geschlossen, so werden die Bewerbungsunterlagen zwei Monate nach Bekanntgabe der Absageentscheidung automatisch gel\u00f6scht, sofern einer L\u00f6schung keine sonstigen berechtigten Interessen unsererseits entgegenstehen. Sonstiges berechtigtes Interesse in diesem Sinne ist beispielsweise eine Beweispflicht in einem Verfahren nach dem Allgemeinen Gleichbehandlungsgesetz (AGG).<\/p>\n<p>Die Rechtsgrundlage der Verarbeitung Ihrer Daten ist Art. 88 DS-GVO i.V.m. \u00a7 26 Abs. 1 BDSG.<\/p>[\/et_pb_text][et_pb_text _builder_version=&#8220;4.16&#8243; _module_preset=&#8220;default&#8220; global_colors_info=&#8220;{}&#8220;]<h2>8.\u00a0\u00a0 Unsere Aktivit\u00e4ten in sozialen Netzwerken<\/h2>\n<p>Damit wir auch in sozialen Netzwerken mit Ihnen kommunizieren und \u00fcber unsere Leistungen informieren k\u00f6nnen, sind wir dort mit eigenen Seiten vertreten. Wenn Sie eine unserer Social Media Seiten besuchen, sind wir hinsichtlich der dadurch ausgel\u00f6sten Verarbeitungsvorg\u00e4nge, welche personenbezogene Daten betreffen, mit dem Anbieter der jeweiligen Social-Media-Plattform gemeinsam verantwortlich im Sinne des Art. 26 DS-GVO.<\/p>\n<p>Wir sind dabei nicht der origin\u00e4re Anbieter dieser Seiten, sondern nutzen diese lediglich im Rahmen der uns gebotenen M\u00f6glichkeiten der jeweiligen Anbieter.<\/p>\n<p>Daher weisen wir vorsorglich darauf hin, dass Ihre Daten m\u00f6glicherweise auch au\u00dferhalb der Europ\u00e4ischen Union bzw. des Europ\u00e4ischen Wirtschaftsraumes verarbeitet werden. Eine Nutzung kann daher Datenschutzrisiken f\u00fcr Sie haben, da die Wahrung Ihrer Rechte z.B. auf Auskunft, L\u00f6schung, Widerspruch, etc. erschwert sein kann und die Verarbeitung in den sozialen Netzwerken h\u00e4ufig direkt zu Werbezwecken oder zur Analyse des Nutzerverhaltens durch die Anbieter erfolgt, ohne dass dies durch uns beeinflusst werden kann. Werden durch den Anbieter Nutzungsprofile angelegt, werden dabei h\u00e4ufig Cookies eingesetzt bzw. das Nutzungsverhalten direkt Ihrem eigenen Mitgliedprofil der sozialen Netzwerke zugeordnet (sofern Sie hier eingeloggt sind).<\/p>\n<p>Die beschriebenen Verarbeitungsvorg\u00e4nge personenbezogener Daten erfolgen gem\u00e4\u00df Art. 6 Abs. 1 lit. f DS-GVO auf Basis unseres berechtigten Interesses und des berechtigten Interesses des jeweiligen Anbieters, um mit Ihnen in einer zeitgem\u00e4\u00dfen Art und Weise kommunizieren bzw. Sie \u00fcber unsere Leistungen informieren zu k\u00f6nnen. M\u00fcssen Sie bei den jeweiligen Anbietern eine Einwilligung zur Datenverarbeitung als Nutzer abgeben, bezieht sich die Rechtsgrundlage auf Art. 6 Abs. 1 lit. a DS-GVO i.V.m. Art. 7 DS-GVO.<\/p>\n<p>Da wir keine Zugriffe auf die Datenbest\u00e4nde der Anbieter haben, weisen wir darauf hin, dass Sie Ihre Rechte (z.B. auf Auskunft, Berichtigung, L\u00f6schung, etc.) am besten direkt bei dem jeweiligen Anbieter gelten machen. Weiterf\u00fchrende Informationen zur Verarbeitung Ihrer Daten in den sozialen Netzwerken und der M\u00f6glichkeit von Ihrem Widerspruchs- bzw. Widerrufsrecht (sog. Opt-Out) gebrauch zu machen, haben wir nachfolgend bei dem jeweiligen von uns eingesetzten Anbieter sozialer Netzwerke aufgef\u00fchrt:<\/p>[\/et_pb_text][et_pb_text _builder_version=&#8220;4.16&#8243; _module_preset=&#8220;default&#8220; global_colors_info=&#8220;{}&#8220;]<h3>8.1. LinkedIn<\/h3>\n<p>(Mit-) Verantwortlicher f\u00fcr die Datenverarbeitung in Europa:<\/p>\n<p>LinkedIn Ireland Unlimited Company Wilton Place, Dublin 2, Irland<\/p>\n<p>Datenschutzerkl\u00e4rung:<\/p>\n<p><a href=\"https:\/\/www.linkedin.com\/legal\/privacy-policy\">https:\/\/www.linkedin.com\/legal\/privacy-policy<\/a><\/p>\n<p>Opt-Out und Werbeeinstellungen:<\/p>\n<p><a href=\"https:\/\/www.linkedin.com\/psettings\/guest-controls\/retargeting-opt-out\">https:\/\/www.linkedin.com\/psettings\/guest-controls\/retargeting-opt-out<\/a><\/p>[\/et_pb_text][et_pb_text _builder_version=&#8220;4.24.3&#8243; _module_preset=&#8220;default&#8220; hover_enabled=&#8220;0&#8243; global_colors_info=&#8220;{}&#8220; sticky_enabled=&#8220;0&#8243;]<h3>8.2. XING<\/h3>\n<p>(Mit-) Verantwortlicher f\u00fcr die Datenverarbeitung in Deutschland:<\/p>\n<p>XING AG, Dammtorstra\u00dfe 29-32, 20354 Hamburg, Deutschland<\/p>\n<p>Datenschutzerkl\u00e4rung:<\/p>\n<p><a href=\"https:\/\/privacy.xing.com\/de\/datenschutzerklaerung\">https:\/\/privacy.xing.com\/de\/datenschutzerklaerung<\/a><\/p>\n<p>Auskunftsanfragen zum Thema Datenschutz bei XING:<\/p>\n<p><a href=\"https:\/\/www.xing.com\/support\/contact\/security\/data_protection\" target=\"_blank\" rel=\"noopener\">https:\/\/www.xing.com\/support\/contact\/security\/data_protection<\/a><\/p>[\/et_pb_text][et_pb_text _builder_version=&#8220;4.16&#8243; _module_preset=&#8220;default&#8220; global_colors_info=&#8220;{}&#8220;]<h2>9.\u00a0\u00a0 Verarbeitung von Kunden und Lieferantendaten<\/h2>[\/et_pb_text][et_pb_text _builder_version=&#8220;4.16&#8243; _module_preset=&#8220;default&#8220; global_colors_info=&#8220;{}&#8220;]<h3>Art und Zweck der Verarbeitung:<\/h3>\n<p>Zur Abwicklung von Kundenauftr\u00e4gen und im Rahmen von Beschaffungsprozessen verarbeiten wir personenbezogene Daten unserer Kunden und Lieferanten sowie den einzelnen Ansprechpartnern bei unseren Kunden\/Lieferanten. Dabei speichern wir die Daten in unserem ERP-System und nutzen sie in allen Prozessen der Leistungserf\u00fcllung bzw. der Beschaffung. Weiterhin nutzen wir die Daten zur aktiven Ansprache in Kundenbeziehung und zur Betreuung von Lieferanten einschl. einer internen Lieferantenbewertung.<\/p>[\/et_pb_text][et_pb_text _builder_version=&#8220;4.16&#8243; _module_preset=&#8220;default&#8220; global_colors_info=&#8220;{}&#8220;]<h3>Rechtsgrundlage:<\/h3>\n<p>Zur Erf\u00fcllung von vertraglichen Pflichten (Art. 6 Abs. 1 Buchst. b DSGVO)<br \/>Die Verarbeitung von Daten erfolgt zur Durchf\u00fchrung unseres Vertrages aufgrund gesetzlicher Vorgaben (Art. 6 Abs. 1 Buchst. c DSGVO)<\/p>\n<p>Wir unterliegen verschiedenen gesetzlichen Verpflichtungen, die eine Datenverarbeitung nach sich ziehen. Hierzu z\u00e4hlen z. B.:<\/p>\n<ul>\n<li>Steuergesetze sowie die gesetzliche Buchf\u00fchrung<\/li>\n<li>die Erf\u00fcllung von Anfragen und Anforderungen von Aufsichts- oder Strafverfolgungsbeh\u00f6rden<\/li>\n<li>die Erf\u00fcllung steuerrechtlicher Kontroll- und Meldepflichten<\/li>\n<\/ul>\n<p>Dar\u00fcber hinaus kann die Offenlegung personenbezogener Daten im Rahmen von beh\u00f6rdlichen\/gerichtlichen Ma\u00dfnahmen zu Zwecken der Beweiserhebung, Strafverfolgung oder Durchsetzung zivilrechtlicher Anspr\u00fcche erforderlich werden.<\/p>\n<p>Im Rahmen der Interessenabw\u00e4gung (Art. 6 Abs. 1 f DSGVO)<\/p>\n<p>Soweit erforderlich, verarbeiten wir Ihre Daten \u00fcber die eigentliche Erf\u00fcllung des Vertrages hinaus zur Wahrung berechtigter Interessen von uns oder Dritten. Beispiele f\u00fcr solche F\u00e4lle sind:<\/p>\n<ul>\n<li>Verarbeitung im CRM System zur aktiven Ansprache von Kunden<\/li>\n<li>Bewertung von Lieferanten<\/li>\n<li>Geltendmachung rechtlicher Anspr\u00fcche und Verteidigung bei rechtlichen Streitigkeiten<\/li>\n<\/ul>[\/et_pb_text][et_pb_text _builder_version=&#8220;4.16&#8243; _module_preset=&#8220;default&#8220; global_colors_info=&#8220;{}&#8220;]<h3>Empf\u00e4nger:<\/h3>\n<p>Mitarbeiter f\u00fcr den Kontakt mit Ihnen und die vertragliche Zusammenarbeit (inkl. der Erf\u00fcllung vorvertraglicher Ma\u00dfnahmen). Ihre Daten werden ggf. an Dienstleister weitergegeben, die f\u00fcr uns als Auftragsverarbeiter t\u00e4tig werden z.B. Unterst\u00fctzung bzw. Wartung von EDV oder IT-Anwendungen und Datenvernichtung. S\u00e4mtliche Dienstleister sind vertraglich gebunden und insbesondere dazu verpflichtet, Ihre Daten vertraulich zu behandeln.<\/p>\n<p>Eine Weitergabe von Daten an Empf\u00e4nger au\u00dferhalb unseres Hauses erfolgt nur unter Beachtung der anzuwendenden Vorschriften zum Datenschutz. Empf\u00e4nger personenbezogener Daten k\u00f6nnen z.B. sein:<\/p>\n<ul>\n<li>\u00d6ffentliche Stellen und Institutionen (z. B. Finanz- oder Strafverfolgungsbeh\u00f6rden) bei Vorliegen einer gesetzlichen oder beh\u00f6rdlichen Verpflichtung<\/li>\n<li>Kredit- und Finanzdienstleister (Abwicklung Zahlungsverkehr)<\/li>\n<li>Steuerberater oder Wirtschafts- und Lohnsteuer- und Betriebspr\u00fcfer (gesetzlicher Pr\u00fcfungsauftrag)<\/li>\n<\/ul>[\/et_pb_text][et_pb_text _builder_version=&#8220;4.16&#8243; _module_preset=&#8220;default&#8220; global_colors_info=&#8220;{}&#8220;]<h3>Speicherdauer:<\/h3>\n<p>Wir verarbeiten und speichern Ihre personenbezogenen Daten, solange dies f\u00fcr die Erf\u00fcllung unserer vertraglichen und gesetzlichen Pflichten erforderlich ist. Sind die Daten f\u00fcr die Erf\u00fcllung vertraglicher oder gesetzlicher Pflichten nicht mehr erforderlich, werden diese regelm\u00e4\u00dfig gel\u00f6scht.<\/p>\n<p>Ausnahmen ergeben sich,<\/p>\n<ul>\n<li>soweit gesetzliche Aufbewahrungspflichten zu erf\u00fcllen sind, z.B. Handelsgesetzbuch (HGB) und Abgabenordnung (AO), erforderlich sind. Die dort vorgegebenen Fristen zur Aufbewahrung bzw. Dokumentation betragen in der Regel sechs bis zehn Jahre;<\/li>\n<li>zur Erhaltung von Beweismitteln im Rahmen der gesetzlichen Verj\u00e4hrungsvorschriften. Nach den \u00a7\u00a7 195 ff des B\u00fcrgerlichen Gesetzbuches (BGB) k\u00f6nnen diese Verj\u00e4hrungsfristen bis zu 30 Jahre betragen, wobei die regelm\u00e4\u00dfige Verj\u00e4hrungsfrist 3 Jahre betr\u00e4gt.<\/li>\n<li>ggf. weitere.<\/li>\n<\/ul>\n<p>Sofern die Datenverarbeitung im berechtigten Interesse von uns oder einem Dritten erfolgt, werden die personenbezogenen Daten gel\u00f6scht, sobald dieses Interesse nicht mehr besteht. Hierbei gelten die genannten Ausnahmen.<\/p>[\/et_pb_text][et_pb_text _builder_version=&#8220;4.16&#8243; _module_preset=&#8220;default&#8220; global_colors_info=&#8220;{}&#8220;]<h3>Drittlandtransfer:<\/h3>\n<p>Ihre Daten werden nur innerhalb der Europ\u00e4ischen Union und Staaten innerhalb des Europ\u00e4ischen Wirtschaftsraums (EWR) verarbeitet.<\/p>[\/et_pb_text][et_pb_text _builder_version=&#8220;4.16&#8243; _module_preset=&#8220;default&#8220; global_colors_info=&#8220;{}&#8220;]<h3>Widerruf der Einwilligung:<\/h3>\n<p>Sie haben das Recht, aus Gr\u00fcnden, die sich aus Ihrer besonderen Situation ergeben, jederzeit gegen die Verarbeitung Sie betreffender personenbezogener Daten, die aufgrund von Artikel 6 Absatz 1 Buchstabe f DSGVO (Datenverarbeitung auf der Grundlage einer Interessenabw\u00e4gung) erfolgt, Widerspruch einzulegen; dies gilt auch f\u00fcr ein auf diese Bestimmung gest\u00fctztes Profiling im Sinne von Artikel 4 Nr. 4 DSGVO.<\/p>\n<p>Legen Sie Widerspruch ein, werden wir Ihre personenbezogenen Daten nicht mehr verarbeiten, es sei denn, wir k\u00f6nnen zwingende schutzw\u00fcrdige Gr\u00fcnde f\u00fcr die Verarbeitung nachweisen, die Ihre Interessen, Rechte und Freiheiten \u00fcberwiegen, oder die Verarbeitung dient der Geltendmachung, Aus\u00fcbung oder Verteidigung von Rechtsanspr\u00fcchen.<\/p>[\/et_pb_text][et_pb_text _builder_version=&#8220;4.16&#8243; _module_preset=&#8220;default&#8220; global_colors_info=&#8220;{}&#8220;]<h3>Bereitstellung vorgeschrieben oder erforderlich:<\/h3>\n<p>Im Rahmen des Vertragsverh\u00e4ltnisses m\u00fcssen Sie diejenigen personenbezogenen Daten bereitstellen, die f\u00fcr die Aufnahme, Durchf\u00fchrung und Beendigung des Vertragsverh\u00e4ltnisses und zur Erf\u00fcllung der damit verbundenen vertraglichen Pflichten erforderlich sind oder zu deren Erhebung wir gesetzlich verpflichtet sind. Ohne diese Daten werden wir in der Regel nicht in der Lage sein, den Vertrag mit Ihnen zu schlie\u00dfen oder diesen auszuf\u00fchren.<\/p>[\/et_pb_text][et_pb_text _builder_version=&#8220;4.16&#8243; _module_preset=&#8220;default&#8220; global_colors_info=&#8220;{}&#8220;]<h2>10.\u00a0\u00a0 Ihre Rechte als betroffene Person<\/h2>[\/et_pb_text][et_pb_text _builder_version=&#8220;4.16&#8243; _module_preset=&#8220;default&#8220; global_colors_info=&#8220;{}&#8220;]<h3>10.1. Recht auf Best\u00e4tigung<\/h3>\n<p>Sie haben das Recht, von uns eine Best\u00e4tigung dar\u00fcber zu verlangen, ob Sie betreffende personenbezogene Daten verarbeitet werden.<\/p>[\/et_pb_text][et_pb_text _builder_version=&#8220;4.16&#8243; _module_preset=&#8220;default&#8220; global_colors_info=&#8220;{}&#8220;]<h3>10.2. Recht auf Auskunft Art. 15 DS-GVO<\/h3>\n<p>Sie haben das Recht, jederzeit von uns unentgeltliche Auskunft \u00fcber die zu Ihrer Person gespeicherten personenbezogenen Daten sowie eine Kopie dieser Daten nach Ma\u00dfgabe der gesetzlichen Bestimmungen zu erhalten.<\/p>[\/et_pb_text][et_pb_text _builder_version=&#8220;4.16&#8243; _module_preset=&#8220;default&#8220; global_colors_info=&#8220;{}&#8220;]<h3>10.3. Recht auf Berichtigung Art. 16 DS-GVO<\/h3>\n<p>Sie haben das Recht, die Berichtigung Sie betreffender unrichtiger personenbezogener Daten zu verlangen. Ferner steht Ihnen das Recht zu, unter Ber\u00fccksichtigung der Zwecke der Verarbeitung, die Vervollst\u00e4ndigung unvollst\u00e4ndiger personenbezogener Daten zu verlangen.<\/p>[\/et_pb_text][et_pb_text _builder_version=&#8220;4.16&#8243; _module_preset=&#8220;default&#8220; global_colors_info=&#8220;{}&#8220;]<h3>10.4. Recht auf L\u00f6schung Art. 17 DS-GVO<\/h3>\n<p>Sie haben das Recht, von uns zu verlangen, dass die Sie betreffenden personenbezogenen Daten unverz\u00fcglich gel\u00f6scht werden, sofern einer der gesetzlich vorgesehenen Gr\u00fcnde zutrifft und soweit die Verarbeitung bzw. Speicherung nicht erforderlich ist.<\/p>[\/et_pb_text][et_pb_text _builder_version=&#8220;4.16&#8243; _module_preset=&#8220;default&#8220; global_colors_info=&#8220;{}&#8220;]<h3>10.5. Einschr\u00e4nkung der Verarbeitung Art. 18 DS-GVO<\/h3>\n<p>Sie haben das Recht, von uns die Einschr\u00e4nkung der Verarbeitung zu verlangen, wenn eine der gesetzlichen Voraussetzungen gegeben ist.<\/p>[\/et_pb_text][et_pb_text _builder_version=&#8220;4.16&#8243; _module_preset=&#8220;default&#8220; global_colors_info=&#8220;{}&#8220;]<h3>10.6. Daten\u00fcbertragbarkeit Art. 20 DS-GVO<\/h3>\n<p>Sie haben das Recht, die Sie betreffenden personenbezogenen Daten, welche uns durch Sie bereitgestellt wurden, in einem strukturierten, g\u00e4ngigen und maschinenlesbaren Format zu erhalten. Sie haben au\u00dferdem das Recht, diese Daten einem anderen Verantwortlichen ohne Behinderung durch uns, dem die personenbezogenen Daten bereitgestellt wurden, zu \u00fcbermitteln, sofern die Verarbeitung auf der Einwilligung gem\u00e4\u00df Art. 6 Abs. 1 lit. a DS-GVO oder Art. 9 Abs. 2 lit. a DS-GVO oder auf einem Vertrag gem\u00e4\u00df Art. 6 Abs. 1 lit. b DS-GVO beruht und die Verarbeitung mithilfe automatisierter Verfahren erfolgt, sofern die Verarbeitung nicht f\u00fcr die Wahrnehmung einer Aufgabe erforderlich ist, die im \u00f6ffentlichen Interesse liegt oder in Aus\u00fcbung \u00f6ffentlicher Gewalt erfolgt, welche uns \u00fcbertragen wurde.<\/p>\n<p>Ferner haben Sie bei der Aus\u00fcbung Ihres Rechts auf Daten\u00fcbertragbarkeit gem\u00e4\u00df Art. 20 Abs. 1 DS-GVO das Recht, zu erwirken, dass die personenbezogenen Daten direkt von einem Verantwortlichen an einen anderen Verantwortlichen \u00fcbermittelt werden, soweit dies technisch machbar ist und sofern hiervon nicht die Rechte und Freiheiten anderer Personen beeintr\u00e4chtigt werden.<\/p>[\/et_pb_text][et_pb_text _builder_version=&#8220;4.16&#8243; _module_preset=&#8220;default&#8220; global_colors_info=&#8220;{}&#8220;]<h3>10.7. Widerspruch Art. 21 DS-GVO<\/h3>\n<p>Sie haben das Recht, aus Gr\u00fcnden, die sich aus Ihrer besonderen Situation ergeben, jederzeit gegen die Verarbeitung Sie betreffender personenbezogener Daten, die aufgrund von Art. 6 Abs. 1 lit. e (Datenverarbeitung im \u00f6ffentlichen Interesse) oder f (Datenverarbeitung auf Grundlage einer Interessenabw\u00e4gung) DS-GVO erfolgt, Widerspruch einzulegen.<\/p>\n<p>Dies gilt auch f\u00fcr ein auf diese Bestimmungen gest\u00fctztes Profiling im Sinne von Art. 4 Nr. 4 DS-GVO.<\/p>\n<p>Legen Sie Widerspruch ein, werden wir Ihre personenbezogenen Daten nicht mehr verarbeiten, es sei denn, wir k\u00f6nnen zwingende berechtigte Gr\u00fcnde f\u00fcr die Verarbeitung nachweisen, die Ihre Interessen, Rechte und Freiheiten \u00fcberwiegen, oder die Verarbeitung dient der Geltendmachung, Aus\u00fcbung oder Verteidigung von Rechtsanspr\u00fcchen.<\/p>\n<p>In Einzelf\u00e4llen verarbeiten wir personenbezogene Daten, um Direktwerbung zu betreiben. Sie k\u00f6nnen jederzeit Widerspruch gegen die Verarbeitung der personenbezogenen Daten zum Zwecke derartiger Werbung einlegen. Dies gilt auch f\u00fcr das Profiling, soweit es mit solcher Direktwerbung in Verbindung steht. Widersprechen Sie gegen\u00fcber uns der Verarbeitung f\u00fcr Zwecke der Direktwerbung, so werden wir die personenbezogenen Daten nicht mehr f\u00fcr diese Zwecke verarbeiten.<\/p>\n<p>Zudem haben Sie das Recht, aus Gr\u00fcnden, die sich aus Ihrer besonderen Situation ergeben, gegen die Sie betreffende Verarbeitung personenbezogener Daten, die bei uns zu wissenschaftlichen oder historischen Forschungszwecken oder zu statistischen Zwecken gem\u00e4\u00df Art. 89 Abs. 1 DS-GVO erfolgen, Widerspruch einzulegen, es sei denn, eine solche Verarbeitung ist zur Erf\u00fcllung einer im \u00f6ffentlichen Interesse liegenden Aufgabe erforderlich.<\/p>\n<p>Ihnen steht es frei, im Zusammenhang mit der Nutzung von Diensten der Informationsgesellschaft, ungeachtet der Richtlinie 2002\/58\/EG, Ihr Widerspruchsrecht mittels automatisierter Verfahren auszu\u00fcben, bei denen technische Spezifikationen verwendet werden.<\/p>[\/et_pb_text][et_pb_text _builder_version=&#8220;4.16&#8243; _module_preset=&#8220;default&#8220; global_colors_info=&#8220;{}&#8220;]<h3>10.8. Widerruf einer datenschutzrechtlichen Einwilligung<\/h3>\n<p>Sie haben das Recht, eine Einwilligung zur Verarbeitung personenbezogener Daten jederzeit mit Wirkung f\u00fcr die Zukunft zu widerrufen.<\/p>[\/et_pb_text][et_pb_text _builder_version=&#8220;4.22.1&#8243; _module_preset=&#8220;default&#8220; global_colors_info=&#8220;{}&#8220;]<h3>10.9. Beschwerde bei einer Aufsichtsbeh\u00f6rde<\/h3>\n<p>Sie haben das Recht, sich bei einer f\u00fcr Datenschutz zust\u00e4ndigen Aufsichtsbeh\u00f6rde \u00fcber unsere Verarbeitung personenbezogener Daten zu beschweren. Ihre zust\u00e4ndige Aufsichtsbeh\u00f6rde richtet sich nach dem Bundesland Ihres Wohnsitzes, Ihrer Arbeit oder der mutma\u00dflichen Verletzung. Eine Liste der Aufsichtsbeh\u00f6rden (f\u00fcr den nicht\u00f6ffentlichen Bereich) mit Anschrift finden Sie unter: <a href=\"https:\/\/www.bfdi.bund.de\/DE\/Service\/Anschriften\/anschriften_table.html\" target=\"_blank\" rel=\"noopener\">https:\/\/www.bfdi.bund.de\/DE\/Service\/Anschriften\/anschriften_table.html<\/a>.<\/p>[\/et_pb_text][et_pb_text _builder_version=&#8220;4.16&#8243; _module_preset=&#8220;default&#8220; global_colors_info=&#8220;{}&#8220;]<h2>11.\u00a0\u00a0 Aktualit\u00e4t und \u00c4nderung der Datenschutzerkl\u00e4rung<\/h2>\n<p>Diese Datenschutzerkl\u00e4rung ist aktuell g\u00fcltig und hat den Stand: September 2021.<\/p>\n<p>Durch die Weiterentwicklung unserer Internetseiten und Angebote oder aufgrund ge\u00e4nderter gesetzlicher beziehungsweise beh\u00f6rdlicher Vorgaben kann es notwendig werden, diese Datenschutzerkl\u00e4rung zu \u00e4ndern. Die jeweils aktuelle Datenschutzerkl\u00e4rung kann jederzeit auf der Website unter &#8222;<a href=\"https:\/\/www.cimoio.de\/cms\/datenschutz\/\">https:\/\/www.cimoio.de\/cms\/datenschutz\/<\/a>&#8220; von Ihnen abgerufen und ausgedruckt werden.<\/p>\n<p>Diese Datenschutzerkl\u00e4rung wurde mit Unterst\u00fctzung der Datenschutz-Software: audatis MANAGER erstellt.<\/p>[\/et_pb_text][\/et_pb_column][\/et_pb_row][\/et_pb_section]\n","protected":false},"excerpt":{"rendered":"<p>Datenschutzinformation1. Einleitung Mit den folgenden Informationen m\u00f6chten wir Ihnen als &#8222;betroffener Person&#8220; einen \u00dcberblick \u00fcber die Verarbeitung Ihrer personenbezogenen Daten durch uns und Ihre Rechte aus den Datenschutzgesetzen geben. Eine Nutzung unserer Internetseiten ist grunds\u00e4tzlich ohne Eingabe personenbezogener Daten m\u00f6glich. Sofern Sie besondere Services unseres Unternehmens \u00fcber unsere Internetseite in Anspruch nehmen m\u00f6chten, k\u00f6nnte jedoch [&hellip;]<\/p>\n","protected":false},"author":3,"featured_media":0,"parent":0,"menu_order":80,"comment_status":"closed","ping_status":"closed","template":"","meta":{"_et_pb_use_builder":"on","_et_pb_old_content":"","_et_gb_content_width":"","inline_featured_image":false,"footnotes":""},"class_list":["post-634","page","type-page","status-publish","hentry"],"yoast_head":"<!-- This site is optimized with the Yoast SEO plugin v27.4 - https:\/\/yoast.com\/product\/yoast-seo-wordpress\/ -->\n<title>Datenschutzerkl\u00e4rung f\u00fcr | cimoio<\/title>\n<meta name=\"description\" content=\"Auch uns ist Datenschutz wichtig - daher finden Sie hier die Datenschutzerkl\u00e4rung der STL GmbH f\u00fcr die Seite cimoio.de.\" \/>\n<meta name=\"robots\" content=\"index, follow, max-snippet:-1, max-image-preview:large, max-video-preview:-1\" \/>\n<link rel=\"canonical\" href=\"https:\/\/www.cimoio.de\/cms\/datenschutz\/\" \/>\n<meta property=\"og:locale\" content=\"de_DE\" \/>\n<meta property=\"og:type\" content=\"article\" \/>\n<meta property=\"og:title\" content=\"Datenschutzerkl\u00e4rung f\u00fcr | cimoio\" \/>\n<meta property=\"og:description\" content=\"Auch uns ist Datenschutz wichtig - daher finden Sie hier die Datenschutzerkl\u00e4rung der STL GmbH f\u00fcr die Seite cimoio.de.\" \/>\n<meta property=\"og:url\" content=\"https:\/\/www.cimoio.de\/cms\/datenschutz\/\" \/>\n<meta property=\"og:site_name\" content=\"cimoio\" \/>\n<meta property=\"article:modified_time\" content=\"2024-05-03T14:03:30+00:00\" \/>\n<meta name=\"twitter:card\" content=\"summary_large_image\" \/>\n<script type=\"application\/ld+json\" class=\"yoast-schema-graph\">{\"@context\":\"https:\\\/\\\/schema.org\",\"@graph\":[{\"@type\":\"WebPage\",\"@id\":\"https:\\\/\\\/www.cimoio.de\\\/cms\\\/datenschutz\\\/\",\"url\":\"https:\\\/\\\/www.cimoio.de\\\/cms\\\/datenschutz\\\/\",\"name\":\"Datenschutzerkl\u00e4rung f\u00fcr | cimoio\",\"isPartOf\":{\"@id\":\"https:\\\/\\\/www.cimoio.de\\\/cms\\\/#website\"},\"datePublished\":\"2021-06-25T14:27:18+00:00\",\"dateModified\":\"2024-05-03T14:03:30+00:00\",\"description\":\"Auch uns ist Datenschutz wichtig - daher finden Sie hier die Datenschutzerkl\u00e4rung der STL GmbH f\u00fcr die Seite cimoio.de.\",\"breadcrumb\":{\"@id\":\"https:\\\/\\\/www.cimoio.de\\\/cms\\\/datenschutz\\\/#breadcrumb\"},\"inLanguage\":\"de\",\"potentialAction\":[{\"@type\":\"ReadAction\",\"target\":[\"https:\\\/\\\/www.cimoio.de\\\/cms\\\/datenschutz\\\/\"]}]},{\"@type\":\"BreadcrumbList\",\"@id\":\"https:\\\/\\\/www.cimoio.de\\\/cms\\\/datenschutz\\\/#breadcrumb\",\"itemListElement\":[{\"@type\":\"ListItem\",\"position\":1,\"name\":\"Home\",\"item\":\"https:\\\/\\\/www.cimoio.de\\\/cms\\\/\"},{\"@type\":\"ListItem\",\"position\":2,\"name\":\"Datenschutzerkl\u00e4rung f\u00fcr\"}]},{\"@type\":\"WebSite\",\"@id\":\"https:\\\/\\\/www.cimoio.de\\\/cms\\\/#website\",\"url\":\"https:\\\/\\\/www.cimoio.de\\\/cms\\\/\",\"name\":\"cimoio\",\"description\":\"Trainingsmanagement Software f\u00fcr Unternehmen\",\"publisher\":{\"@id\":\"https:\\\/\\\/www.cimoio.de\\\/cms\\\/#organization\"},\"potentialAction\":[{\"@type\":\"SearchAction\",\"target\":{\"@type\":\"EntryPoint\",\"urlTemplate\":\"https:\\\/\\\/www.cimoio.de\\\/cms\\\/?s={search_term_string}\"},\"query-input\":{\"@type\":\"PropertyValueSpecification\",\"valueRequired\":true,\"valueName\":\"search_term_string\"}}],\"inLanguage\":\"de\"},{\"@type\":\"Organization\",\"@id\":\"https:\\\/\\\/www.cimoio.de\\\/cms\\\/#organization\",\"name\":\"STL GmbH\",\"url\":\"https:\\\/\\\/www.cimoio.de\\\/cms\\\/\",\"logo\":{\"@type\":\"ImageObject\",\"inLanguage\":\"de\",\"@id\":\"https:\\\/\\\/www.cimoio.de\\\/cms\\\/#\\\/schema\\\/logo\\\/image\\\/\",\"url\":\"https:\\\/\\\/www.cimoio.de\\\/cms\\\/wp-content\\\/uploads\\\/2021\\\/04\\\/Logo_stl_mc_cyan_1673x261.png\",\"contentUrl\":\"https:\\\/\\\/www.cimoio.de\\\/cms\\\/wp-content\\\/uploads\\\/2021\\\/04\\\/Logo_stl_mc_cyan_1673x261.png\",\"width\":1673,\"height\":261,\"caption\":\"STL GmbH\"},\"image\":{\"@id\":\"https:\\\/\\\/www.cimoio.de\\\/cms\\\/#\\\/schema\\\/logo\\\/image\\\/\"},\"sameAs\":[\"https:\\\/\\\/de.linkedin.com\\\/company\\\/stl-gmbh\"]}]}<\/script>\n<!-- \/ Yoast SEO plugin. -->","yoast_head_json":{"title":"Datenschutzerkl\u00e4rung f\u00fcr | cimoio","description":"Auch uns ist Datenschutz wichtig - daher finden Sie hier die Datenschutzerkl\u00e4rung der STL GmbH f\u00fcr die Seite cimoio.de.","robots":{"index":"index","follow":"follow","max-snippet":"max-snippet:-1","max-image-preview":"max-image-preview:large","max-video-preview":"max-video-preview:-1"},"canonical":"https:\/\/www.cimoio.de\/cms\/datenschutz\/","og_locale":"de_DE","og_type":"article","og_title":"Datenschutzerkl\u00e4rung f\u00fcr | cimoio","og_description":"Auch uns ist Datenschutz wichtig - daher finden Sie hier die Datenschutzerkl\u00e4rung der STL GmbH f\u00fcr die Seite cimoio.de.","og_url":"https:\/\/www.cimoio.de\/cms\/datenschutz\/","og_site_name":"cimoio","article_modified_time":"2024-05-03T14:03:30+00:00","twitter_card":"summary_large_image","schema":{"@context":"https:\/\/schema.org","@graph":[{"@type":"WebPage","@id":"https:\/\/www.cimoio.de\/cms\/datenschutz\/","url":"https:\/\/www.cimoio.de\/cms\/datenschutz\/","name":"Datenschutzerkl\u00e4rung f\u00fcr | cimoio","isPartOf":{"@id":"https:\/\/www.cimoio.de\/cms\/#website"},"datePublished":"2021-06-25T14:27:18+00:00","dateModified":"2024-05-03T14:03:30+00:00","description":"Auch uns ist Datenschutz wichtig - daher finden Sie hier die Datenschutzerkl\u00e4rung der STL GmbH f\u00fcr die Seite cimoio.de.","breadcrumb":{"@id":"https:\/\/www.cimoio.de\/cms\/datenschutz\/#breadcrumb"},"inLanguage":"de","potentialAction":[{"@type":"ReadAction","target":["https:\/\/www.cimoio.de\/cms\/datenschutz\/"]}]},{"@type":"BreadcrumbList","@id":"https:\/\/www.cimoio.de\/cms\/datenschutz\/#breadcrumb","itemListElement":[{"@type":"ListItem","position":1,"name":"Home","item":"https:\/\/www.cimoio.de\/cms\/"},{"@type":"ListItem","position":2,"name":"Datenschutzerkl\u00e4rung f\u00fcr"}]},{"@type":"WebSite","@id":"https:\/\/www.cimoio.de\/cms\/#website","url":"https:\/\/www.cimoio.de\/cms\/","name":"cimoio","description":"Trainingsmanagement Software f\u00fcr Unternehmen","publisher":{"@id":"https:\/\/www.cimoio.de\/cms\/#organization"},"potentialAction":[{"@type":"SearchAction","target":{"@type":"EntryPoint","urlTemplate":"https:\/\/www.cimoio.de\/cms\/?s={search_term_string}"},"query-input":{"@type":"PropertyValueSpecification","valueRequired":true,"valueName":"search_term_string"}}],"inLanguage":"de"},{"@type":"Organization","@id":"https:\/\/www.cimoio.de\/cms\/#organization","name":"STL GmbH","url":"https:\/\/www.cimoio.de\/cms\/","logo":{"@type":"ImageObject","inLanguage":"de","@id":"https:\/\/www.cimoio.de\/cms\/#\/schema\/logo\/image\/","url":"https:\/\/www.cimoio.de\/cms\/wp-content\/uploads\/2021\/04\/Logo_stl_mc_cyan_1673x261.png","contentUrl":"https:\/\/www.cimoio.de\/cms\/wp-content\/uploads\/2021\/04\/Logo_stl_mc_cyan_1673x261.png","width":1673,"height":261,"caption":"STL GmbH"},"image":{"@id":"https:\/\/www.cimoio.de\/cms\/#\/schema\/logo\/image\/"},"sameAs":["https:\/\/de.linkedin.com\/company\/stl-gmbh"]}]}},"_links":{"self":[{"href":"https:\/\/www.cimoio.de\/cms\/wp-json\/wp\/v2\/pages\/634","targetHints":{"allow":["GET"]}}],"collection":[{"href":"https:\/\/www.cimoio.de\/cms\/wp-json\/wp\/v2\/pages"}],"about":[{"href":"https:\/\/www.cimoio.de\/cms\/wp-json\/wp\/v2\/types\/page"}],"author":[{"embeddable":true,"href":"https:\/\/www.cimoio.de\/cms\/wp-json\/wp\/v2\/users\/3"}],"replies":[{"embeddable":true,"href":"https:\/\/www.cimoio.de\/cms\/wp-json\/wp\/v2\/comments?post=634"}],"version-history":[{"count":25,"href":"https:\/\/www.cimoio.de\/cms\/wp-json\/wp\/v2\/pages\/634\/revisions"}],"predecessor-version":[{"id":4715,"href":"https:\/\/www.cimoio.de\/cms\/wp-json\/wp\/v2\/pages\/634\/revisions\/4715"}],"wp:attachment":[{"href":"https:\/\/www.cimoio.de\/cms\/wp-json\/wp\/v2\/media?parent=634"}],"curies":[{"name":"wp","href":"https:\/\/api.w.org\/{rel}","templated":true}]}}